{"id":38357,"date":"2014-07-24T20:16:05","date_gmt":"2014-07-24T18:16:05","guid":{"rendered":"https:\/\/wirlitsch-arbeitsrecht.de\/cursos-de-formacion\/eleccion-del-comite-de-empresa\/"},"modified":"2026-02-20T16:21:47","modified_gmt":"2026-02-20T15:21:47","slug":"eleccion-del-comite-de-empresa","status":"publish","type":"page","link":"https:\/\/wirlitsch-arbeitsrecht.de\/es\/cursos-de-formacion\/eleccion-del-comite-de-empresa\/","title":{"rendered":"elecci\u00f3n del comit\u00e9 de empresa"},"content":{"rendered":"<style>.elementor-widget-heading .elementor-heading-title{font-family:var( --e-global-typography-primary-font-family ), Sans-serif;font-weight:var( --e-global-typography-primary-font-weight );color:var( --e-global-color-primary );}.elementor-38357 .elementor-element.elementor-element-c61aecb .elementor-heading-title{color:var( --e-global-color-secondary );}.elementor-widget-text-editor{font-family:var( --e-global-typography-text-font-family ), Sans-serif;font-size:var( --e-global-typography-text-font-size );font-weight:var( --e-global-typography-text-font-weight );line-height:var( --e-global-typography-text-line-height );color:var( --e-global-color-text );}.elementor-widget-text-editor.elementor-drop-cap-view-stacked .elementor-drop-cap{background-color:var( --e-global-color-primary );}.elementor-widget-text-editor.elementor-drop-cap-view-framed .elementor-drop-cap, .elementor-widget-text-editor.elementor-drop-cap-view-default .elementor-drop-cap{color:var( --e-global-color-primary );border-color:var( --e-global-color-primary );}@media(max-width:1024px){.elementor-widget-text-editor{font-size:var( --e-global-typography-text-font-size );line-height:var( --e-global-typography-text-line-height );}}@media(max-width:767px){.elementor-widget-text-editor{font-size:var( --e-global-typography-text-font-size );line-height:var( --e-global-typography-text-line-height );}}<\/style>\t\t<div data-elementor-type=\"wp-page\" data-elementor-id=\"38357\" class=\"elementor elementor-38357 elementor-308\" data-elementor-post-type=\"page\">\n\t\t\t\t\t\t<section class=\"elementor-section elementor-top-section elementor-element elementor-element-0e6321b elementor-section-boxed elementor-section-height-default elementor-section-height-default\" data-id=\"0e6321b\" data-element_type=\"section\">\n\t\t\t\t\t\t<div class=\"elementor-container elementor-column-gap-default\">\n\t\t\t\t\t<div class=\"elementor-column elementor-col-100 elementor-top-column elementor-element elementor-element-ba3266d\" data-id=\"ba3266d\" data-element_type=\"column\">\n\t\t\t<div class=\"elementor-widget-wrap elementor-element-populated\">\n\t\t\t\t\t\t<div class=\"elementor-element elementor-element-c61aecb elementor-widget elementor-widget-heading\" data-id=\"c61aecb\" data-element_type=\"widget\" data-widget_type=\"heading.default\">\n\t\t\t\t<div class=\"elementor-widget-container\">\n\t\t\t\t\t<h1 class=\"elementor-heading-title elementor-size-default\">Formaci\u00f3n sobre elecciones al comit\u00e9 de empresa - Abogado especializado Michael Wirlitsch<\/h1>\t\t\t\t<\/div>\n\t\t\t\t<\/div>\n\t\t\t\t\t<\/div>\n\t\t<\/div>\n\t\t\t\t\t<\/div>\n\t\t<\/section>\n\t\t\t\t<section class=\"elementor-section elementor-top-section elementor-element elementor-element-7e1f4173 elementor-section-boxed elementor-section-height-default elementor-section-height-default\" data-id=\"7e1f4173\" data-element_type=\"section\">\n\t\t\t\t\t\t<div class=\"elementor-container elementor-column-gap-default\">\n\t\t\t\t\t<div class=\"elementor-column elementor-col-100 elementor-top-column elementor-element elementor-element-2c1c0d36\" data-id=\"2c1c0d36\" data-element_type=\"column\">\n\t\t\t<div class=\"elementor-widget-wrap elementor-element-populated\">\n\t\t\t\t\t\t<div class=\"elementor-element elementor-element-4ef0e78b elementor-widget elementor-widget-text-editor\" data-id=\"4ef0e78b\" data-element_type=\"widget\" data-widget_type=\"text-editor.default\">\n\t\t\t\t<div class=\"elementor-widget-container\">\n\t\t\t\t\t\t\t\t\t<strong>Ponente: <\/strong>Michael Wirlitsch, abogado, M.A.E.S. (Universidad de Basilea), abogado especializado en derecho laboral<strong>\r\n<\/strong>\r\n\r\n&nbsp;\r\n\r\n<strong>Temas de formaci\u00f3n:<\/strong>\r\n\r\n<strong>1. Informaci\u00f3n general sobre las elecciones al comit\u00e9 de empresa<\/strong>\r\n<ul>\r\n\t<li>Marco jur\u00eddico y operativo<\/li>\r\n\t<li>Disposiciones sobre la protecci\u00f3n electoral<\/li>\r\n\t<li>costes<\/li>\r\n<\/ul>\r\n<strong>2. Junta electoral<\/strong>\r\n<ul>\r\n\t<li>Tareas y obligaciones de la mesa electoral;<\/li>\r\n\t<li>Protecci\u00f3n electoral y gastos electorales<\/li>\r\n\t<li>Situaci\u00f3n jur\u00eddica, en particular, exenci\u00f3n del trabajo, protecci\u00f3n especial contra el despido, responsabilidad civil. <\/li>\r\n\t<li>Digresi\u00f3n:<\/li>\r\n<\/ul>\r\n<strong>3. Preparaci\u00f3n de las elecciones: consideraciones y decisiones<\/strong>\r\n<ul>\r\n\t<li>Fundamentos y resumen del procedimiento electoral simplificado (en dos fases) para empresas con menos de 100 trabajadores con derecho a voto.<\/li>\r\n\t<li>\u00bfQui\u00e9n tiene derecho a votar? \u00bfQui\u00e9n puede ser elegido?<\/li>\r\n\t<li>Asignaci\u00f3n de partes de la empresa<\/li>\r\n\t<li>Diferentes grupos de trabajadores\r\n<ul>\r\n\t<li>Directivos en contraposici\u00f3n a empleados; trabajadores cedidos por empresas de trabajo temporal<\/li>\r\n\t<li>G\u00e9nero minoritario: \u00bfqu\u00e9 hay que tener en cuenta?<\/li>\r\n<\/ul>\r\n<\/li>\r\n<\/ul>\r\n<strong>4. Lista electoral y convocatoria electoral<\/strong>\r\n<ul>\r\n\t<li>Elaboraci\u00f3n de la lista electoral y objeciones<\/li>\r\n\t<li>Contenido de la convocatoria electoral, fecha de promulgaci\u00f3n y publicaci\u00f3n.<\/li>\r\n\t<li>Rectificaci\u00f3n y nueva promulgaci\u00f3n<\/li>\r\n\t<li>Plazos<\/li>\r\n\t<li>Particularidades en el caso de los trabajadores extranjeros<\/li>\r\n<\/ul>\r\n<strong>5. Candidaturas y d\u00eda de las elecciones<\/strong>\r\n<ul>\r\n\t<li>Examen y publicaci\u00f3n de las candidaturas presentadas<\/li>\r\n\t<li>Oposici\u00f3n a las listas de candidatos<\/li>\r\n\t<li>Procedimiento electoral: elecci\u00f3n conjunta\/mayoritaria y proporcional<\/li>\r\n\t<li>\u00bfElecci\u00f3n de personas o de listas?<\/li>\r\n\t<li>Particularidades del voto por correo<\/li>\r\n\t<li>La elecci\u00f3n\r\n<ul>\r\n\t<li>votaci\u00f3n<\/li>\r\n\t<li>Voto posterior<\/li>\r\n\t<li>vigilancia<\/li>\r\n<\/ul>\r\n<\/li>\r\n<\/ul>\r\n<strong>6. Recuento de votos, resultado de las elecciones y sesi\u00f3n constitutiva del comit\u00e9 de empresa<\/strong>\r\n<ul>\r\n\t<li>recuento de votos<\/li>\r\n\t<li>acta electoral<\/li>\r\n\t<li>Asignaci\u00f3n de asientos<\/li>\r\n\t<li>Reuni\u00f3n constitutiva del nuevo comit\u00e9 de empresa<\/li>\r\n\t<li>impugnaci\u00f3n electoral<\/li>\r\n<\/ul>\t\t\t\t\t\t\t\t<\/div>\n\t\t\t\t<\/div>\n\t\t\t\t\t<\/div>\n\t\t<\/div>\n\t\t\t\t\t<\/div>\n\t\t<\/section>\n\t\t\t\t<\/div>\n\t\t","protected":false},"excerpt":{"rendered":"<p>Formaci\u00f3n sobre elecciones al comit\u00e9 de empresa &#8211; Abogado especializado Michael Wirlitsch Ponente: Michael Wirlitsch, abogado, M.A.E.S. (Universidad de Basilea), abogado especializado en derecho laboral &nbsp; Temas de formaci\u00f3n: 1. Informaci\u00f3n general sobre las elecciones al comit\u00e9 de empresa Marco jur\u00eddico y operativo Disposiciones sobre la protecci\u00f3n electoral costes 2. Junta electoral Tareas y obligaciones [&hellip;]<\/p>\n","protected":false},"author":7,"featured_media":0,"parent":38285,"menu_order":4,"comment_status":"closed","ping_status":"open","template":"","meta":{"footnotes":""},"class_list":["post-38357","page","type-page","status-publish","hentry"],"_links":{"self":[{"href":"https:\/\/wirlitsch-arbeitsrecht.de\/es\/wp-json\/wp\/v2\/pages\/38357","targetHints":{"allow":["GET"]}}],"collection":[{"href":"https:\/\/wirlitsch-arbeitsrecht.de\/es\/wp-json\/wp\/v2\/pages"}],"about":[{"href":"https:\/\/wirlitsch-arbeitsrecht.de\/es\/wp-json\/wp\/v2\/types\/page"}],"author":[{"embeddable":true,"href":"https:\/\/wirlitsch-arbeitsrecht.de\/es\/wp-json\/wp\/v2\/users\/7"}],"replies":[{"embeddable":true,"href":"https:\/\/wirlitsch-arbeitsrecht.de\/es\/wp-json\/wp\/v2\/comments?post=38357"}],"version-history":[{"count":1,"href":"https:\/\/wirlitsch-arbeitsrecht.de\/es\/wp-json\/wp\/v2\/pages\/38357\/revisions"}],"predecessor-version":[{"id":38358,"href":"https:\/\/wirlitsch-arbeitsrecht.de\/es\/wp-json\/wp\/v2\/pages\/38357\/revisions\/38358"}],"up":[{"embeddable":true,"href":"https:\/\/wirlitsch-arbeitsrecht.de\/es\/wp-json\/wp\/v2\/pages\/38285"}],"wp:attachment":[{"href":"https:\/\/wirlitsch-arbeitsrecht.de\/es\/wp-json\/wp\/v2\/media?parent=38357"}],"curies":[{"name":"wp","href":"https:\/\/api.w.org\/{rel}","templated":true}]}}